{"id":16124,"date":"2023-12-11T14:58:12","date_gmt":"2023-12-11T12:58:12","guid":{"rendered":"https:\/\/www.elcol-legi.org\/w\/?page_id=16124"},"modified":"2023-12-11T15:02:19","modified_gmt":"2023-12-11T13:02:19","slug":"avis-legal-2","status":"publish","type":"page","link":"https:\/\/www.elcol-legi.org\/w\/avis-legal-2\/","title":{"rendered":"Av\u00eds Legal"},"content":{"rendered":"<div class=\"wpb-content-wrapper\"><p>[vc_row][vc_column][vc_column_text]<\/p>\n<h1>Av\u00eds Legal<\/h1>\n<p>[\/vc_column_text][vc_column_text]<\/p>\n<ol>\n<li><strong> Informaci\u00f3 del titular i responsable<\/strong><\/li>\n<\/ol>\n<p style=\"padding-left: 40px;\">De conformitat amb all\u00f2 establert a la Llei 34\/2002, de 11 de juliol, de Serveis de la Societat de la Informaci\u00f3 i el Comer\u00e7 Electr\u00f2nic (LSSI) s\u2019informa de les dades identificatives i de contacte del titular d\u2019aquest Web:<\/p>\n<ul>\n<li>Col\u00b7legi de Mediadors d\u2019Assegurances de Barcelona (en endavant CMAB).<\/li>\n<li>Passeig de Sant Joan, 33, 08010 de Barcelona<\/li>\n<li>CIF G08476749<\/li>\n<li>Entitat inscrita amb clau MASS\/B-2 del registre de la Generalitat de Catalunya, Departament de Just\u00edcia de la Direcci\u00f3 General de Dret i d\u2019Entitats Jur\u00eddiques.<\/li>\n<li>932153223<\/li>\n<li>Email: elcol-legi@elcol-legi.org<strong>\u00a0<\/strong><\/li>\n<\/ul>\n<ol start=\"2\">\n<li><strong> Objecte d\u2019aquest Av\u00eds Legal<\/strong><\/li>\n<\/ol>\n<p style=\"padding-left: 40px;\">La present p\u00e0gina web \u00e9s propietat del CMAB \u00a0ha estat creada i dissenyada per donar a con\u00e8ixer i permetre l&#8217;acc\u00e9s general de tots els usuaris d&#8217;Internet i especialment de tots els col\u00b7legiats del CMAB a la informaci\u00f3, activitats, formacions i serveis diversos, ja siguin propis o de terceres entitats.<\/p>\n<p style=\"padding-left: 40px;\">Aquest Av\u00eds Legal t\u00e9 com a objecte establir les Condicions Generals que regulen l&#8217;acc\u00e9s i \u00fas general de la p\u00e0gina web per part de tots els usuaris, de manera que l&#8217;acc\u00e9s i \u00fas d\u2019aquesta implica necess\u00e0riament, la submissi\u00f3 i acceptaci\u00f3 de les presents Condicions.<\/p>\n<p style=\"padding-left: 40px;\">El CMAB \u00a0es reserva la facultat de realitzar, en qualsevol moment i sense necessitat de cap preav\u00eds, qualsevol modificaci\u00f3 o actualitzaci\u00f3 dels continguts i serveis, de les presents disposicions d&#8217;acc\u00e9s i \u00fas i, en general, de quants elements integrin el disseny i configuraci\u00f3 de la seva p\u00e0gina web.<\/p>\n<ol start=\"3\">\n<li><strong> Acc\u00e9s al web<\/strong><\/li>\n<\/ol>\n<p style=\"padding-left: 40px;\">L&#8217;usuari pot accedir de forma gratu\u00efta i lliure a la p\u00e0gina web, tret del que fa al cost de la connexi\u00f3 a trav\u00e9s de la xarxa de telecomunicacions subministrada pel Prove\u00efdor d&#8217;Acc\u00e9s a Internet\u00a0 contractada pel seu compte. Per una correcta i segura navegaci\u00f3, es recomana la utilitzaci\u00f3 de les versions m\u00e9s actualitzades dels corresponents navegadors: Chrome, Firefox, IE Edge i Safari.<\/p>\n<p style=\"padding-left: 40px;\">Per la seva part, el CMAB informa que no es responsabilitza de la prestaci\u00f3 de serveis i subministraments de tercers, inclosos el transport a trav\u00e9s de xarxes de telecomunicacions, la fiabilitat, qualitat, continu\u00eftat i funcionament del qual no li correspon, i per la qual cosa l&#8217;acc\u00e9s pot ser susp\u00e8s, cancel\u2022lat o resultar inaccessible per motius t\u00e8cnics i especialment en cas de for\u00e7a major.<\/p>\n<p style=\"padding-left: 40px;\">A m\u00e9s, el CMAB es reserva el dret a interrompre en cas que ho estimi necessari l&#8217;acc\u00e9s a la seva p\u00e0gina web en qualsevol moment i sense previ av\u00eds, ja sigui per motius de seguretat, de control, de manteniment, per errors de subministrament el\u00e8ctric o per qualsevol altra causa. Si la interrupci\u00f3 tingu\u00e9s car\u00e0cter definitiu, es comunicar\u00e0 tal circumst\u00e0ncia als usuaris, que podran sofrir la p\u00e8rdua, en el seu cas, de la informaci\u00f3 emmagatzemada en els diferents serveis.<\/p>\n<p style=\"padding-left: 40px;\">En conseq\u00fc\u00e8ncia, en cap cas el CMAB es responsabilitza de les conseq\u00fc\u00e8ncies d\u2019eventuals interrupcions, ja que no pot garantir la fiabilitat, la disponibilitat, ni la continu\u00eftat de la seva p\u00e0gina web.<\/p>\n<ol start=\"4\">\n<li><strong> \u00das de la p\u00e0gina web i acc\u00e9s als continguts<\/strong><\/li>\n<\/ol>\n<p style=\"padding-left: 40px;\">La utilitzaci\u00f3 de la p\u00e0gina web per qualsevol persona atribueix la condici\u00f3 d\u2019Usuari\u00a0 i que ho fa sota la seva exclusiva responsabilitat.<\/p>\n<p style=\"padding-left: 40px;\">L&#8217;usuari es compromet a no utilitzar la informaci\u00f3, activitats, productes o serveis que el CMAB posa a la seva disposici\u00f3 per desenvolupar activitats contr\u00e0ries a les lleis, a la moral o a l&#8217;ordre p\u00fablic i, en general, a fer un \u00fas conforme a les presents Condicions Generals.<\/p>\n<p style=\"padding-left: 40px;\">Especialment, queda prohibit l&#8217;\u00fas de la p\u00e0gina web amb finalitats lesives als b\u00e9ns del CMAB que de qualsevol altra forma sobrecarreguin, danyin o inutilitzin les xarxes, servidors i altres equips inform\u00e0tics o productes i aplicacions inform\u00e0tiques\u00a0 del CMAB o de tercers, en el seu cas<\/p>\n<p style=\"padding-left: 40px;\">L&#8217;usuari pot descarregar els continguts que desitgi de la p\u00e0gina web i, quan sigui necessari, el CMAB l\u2019informar\u00e0 en cas necessari sobre les especificacions t\u00e8cniques necess\u00e0ries per procedir a la desc\u00e0rrega d&#8217;informaci\u00f3 i continguts de la seva p\u00e0gina web.<\/p>\n<p style=\"padding-left: 40px;\">L&#8217;usuari s&#8217;abstindr\u00e0 d&#8217;obtenir, o d\u2019intentar obtenir, els Continguts per mitjans o procediments diferents dels quals en cada cas s&#8217;hagin posat a la seva disposici\u00f3 o hagin indicat a l&#8217;efecte o dels que s&#8217;utilitzin habitualment a Internet. En aquest sentit, es prega a l&#8217;usuari que faci atenci\u00f3 a aquests missatges d&#8217;av\u00eds, ja que el CMAB no es responsabilitza dels danys i perjudicis que puguin sofrir els equips inform\u00e0tics de l&#8217;usuari perqu\u00e8 aquest hagi usat de forma indeguda o negligent la p\u00e0gina web.<\/p>\n<p style=\"padding-left: 40px;\">Els continguts de la p\u00e0gina web s\u00f3n posats a disposici\u00f3 de l&#8217;usuari pel CMAB com a informaci\u00f3 pr\u00f2pia o en el seu cas, de tercers. El CMAB posar\u00e0 els mitjans raonables a la seva disposici\u00f3 a fi que els continguts inclosos a la seva p\u00e0gina web siguin exactes i estiguin actualitzats.<\/p>\n<ol start=\"5\">\n<li><strong> Enlla\u00e7os de tercers a la p\u00e0gina web del CMAB<\/strong><\/li>\n<\/ol>\n<p style=\"padding-left: 40px;\">L&#8217;entitat o persona que vulgui introduir un link des de la seva p\u00e0gina web a la p\u00e0gina web del CMAB haur\u00e0 d&#8217;obtenir pr\u00e8via autoritzaci\u00f3 del CMAB per escrit. A m\u00e9s, haur\u00e0 de complir les seg\u00fcents obligacions:<\/p>\n<ol>\n<li>L\u2019enlla\u00e7 o \u00fanicament vincular\u00e0 amb la p\u00e0gina principal, llevat autoritzaci\u00f3 expressa per redireccionar a una p\u00e0gina secund\u00e0ria.<\/li>\n<li>Queda expressament prohibit establir frames o marcs de qualsevol tipus que emboliquin a la p\u00e0gina web o permetin la visualitzaci\u00f3 de la informaci\u00f3, activitats, serveis o productes a trav\u00e9s de direccions d&#8217;Internet diferents a les de la present p\u00e0gina web.<\/li>\n<li>El <em>link <\/em>o la p\u00e0gina d&#8217;enlla\u00e7 no podr\u00e0 desenvolupar activitats o posar dispositius que siguin contraris a les lleis, la moral o l&#8217;ordre p\u00fablic.<\/li>\n<li>En cap cas es realitzaran, des de la p\u00e0gina web on es troba l&#8217;enlla\u00e7, manifestacions falses, inexactes o incorrectes sobre el CMAB, els seus col\u2022legiats, els membres del personal, la qualitat dels serveis que presta o qualsevol altre professional.<\/li>\n<li>El remitent no podr\u00e0 utilitzar la marca gr\u00e0fica o mixta o qualsevol altre signe distintiu del CMAB dins del seu propi lloc web, llevat dels casos expressament autoritzats pel CMAB.<\/li>\n<li>L\u00b4establiment d\u00b4un hiperenlla\u00e7 no implica en cap cas l\u00b4exist\u00e8ncia de relacions entre el CMAB i el propietari de la p\u00e0gina web en que es pugui establir, ni l\u00b4acceptaci\u00f3 i aprovaci\u00f3 per part del CMAB dels seus continguts o serveis.<\/li>\n<\/ol>\n<ol start=\"6\">\n<li><strong> Propietat Industrial i Intel\u00b7lectual<\/strong><\/li>\n<\/ol>\n<p style=\"padding-left: 40px;\">Tots els continguts\u00a0 de la p\u00e0gina web s\u00f3n propietat intel\u00b7lectual del CMAB o, en el seu cas, de tercers, llevat que s&#8217;especifiqui el contrari. A t\u00edtol merament enunciatiu s\u2019inclouen entre els continguts els texts, fotografies, gr\u00e0fics, imatges, icones, tecnologia, programari i altres continguts audiovisuals o sonors, aix\u00ed com el seu disseny gr\u00e0fic i codis font.<\/p>\n<p style=\"padding-left: 40px;\">De la mateixa manera, les marques, noms comercials o signes distintius s\u00f3n titularitat exclusiva del CMAB o en el seu cas, de terceres entitats o persones llevat que s&#8217;especifiqui el contrari.<\/p>\n<p style=\"padding-left: 40px;\">L&#8217;usuari haur\u00e0 de respectar a tota hora tots els drets de propietat intel\u2022lectual i industrial sobre la p\u00e0gina web, de titularitat del CMAB o de tercers. Queda expressament prohibida la cessi\u00f3 dels drets de propietat intel\u2022lectual sobre la present p\u00e0gina web.<\/p>\n<p style=\"padding-left: 40px;\">En concret, est\u00e0 prohibida la reproducci\u00f3, transformaci\u00f3, distribuci\u00f3, comunicaci\u00f3 p\u00fablica, posada a disposici\u00f3, extracci\u00f3, reutilitzaci\u00f3,\u00a0 o la utilitzaci\u00f3 de qualsevol naturalesa, per qualsevol mitj\u00e0 o procediment, de qualsevol d&#8217;ells, llevat dels els casos que estigui legalment perm\u00e8s i autoritzat pel titular dels corresponents drets.<\/p>\n<p style=\"padding-left: 40px;\">No obstant aix\u00f2 anterior, l&#8217;Usuari podr\u00e0 visualitzar i obtenir una c\u00f2pia privada temporal dels Continguts per al seu exclusiu \u00fas personal i privat en els seus sistemes inform\u00e0tics (programari i maquinari), sempre que no sigui amb la finalitat de desenvolupar activitats de car\u00e0cter comercial o professional, aix\u00ed com la seva distribuci\u00f3, modificaci\u00f3, alteraci\u00f3 o descompilaci\u00f3.<\/p>\n<ol start=\"7\">\n<li><strong> Publicitat<\/strong><\/li>\n<\/ol>\n<p style=\"padding-left: 40px;\">A la p\u00e0gina Web es poden allotjar continguts publicitaris o patrocinats. Els anunciants o patrocinadors s\u00f3n els \u00fanics responsables d&#8217;assegurar-se que el material rem\u00e8s per a la seva inclusi\u00f3 a la p\u00e0gina web compleix la normativa que en cada cas puguin ser d&#8217;aplicaci\u00f3. El CMAB no ser\u00e0 responsable de qualsevol\u00a0 inexactitud o irregularitat que puguin contenir els continguts publicitaris o dels patrocinadors.<\/p>\n<ol start=\"8\">\n<li><strong> Responsabilitat<\/strong><\/li>\n<\/ol>\n<p style=\"padding-left: 40px;\">En qualsevol cas, l&#8217;Usuari respondr\u00e0 dels danys i perjudicis de tota naturalesa que el CMAB pugui sofrir com a conseq\u00fc\u00e8ncia de d\u2019incompliment de qualsevol de les obligacions a qu\u00e8 queda sotm\u00e8s per aquest Av\u00eds Legal o, en el seu cas, per les condicions espec\u00edfiques que siguin d&#8217;aplicaci\u00f3.<\/p>\n<ol start=\"9\">\n<li><strong> Pol\u00edtiques de Privacitat i de Cookies<\/strong><\/li>\n<\/ol>\n<p style=\"padding-left: 40px;\">En relaci\u00f3 al tractament de dades personals i d\u2019\u00fas de cookies cal que l\u2019Usuari consulti la pol\u00edtica de privacitat i de cookies del CMAB.<\/p>\n<ol start=\"10\">\n<li><strong> Legislaci\u00f3 i Jurisdicci\u00f3 Aplicable<\/strong><\/li>\n<\/ol>\n<p style=\"padding-left: 40px;\">Les presents Condicions\u00a0 queden subjectes a l&#8217;ordenaci\u00f3 jur\u00eddica espanyola. Per a la resoluci\u00f3 de qualsevol conflicte que pogu\u00e9s derivar-se de l&#8217;acc\u00e9s a la p\u00e0gina web, l&#8217;usuari i el CMAB en els casos que la normativa prevegi la possibilitat de sotmetre\u00b4s a un fur, acorden sotmetre&#8217;s expressament als jutjats i tribunals de la ciutat de Barcelona, amb ren\u00fancia a qualsevol altre fur general o especial que els pogu\u00e9s correspondre.<\/p>\n<p>[\/vc_column_text][\/vc_column][\/vc_row]<\/p>\n<\/div>","protected":false},"excerpt":{"rendered":"<p>[vc_row][vc_column][vc_column_text] Av\u00eds Legal [\/vc_column_text][vc_column_text] Informaci\u00f3 del titular i responsable De conformitat amb all\u00f2 establert a la Llei 34\/2002, de 11 de juliol, de Serveis de la Societat de la Informaci\u00f3 i el Comer\u00e7 Electr\u00f2nic (LSSI) s\u2019informa de les dades identificatives i de contacte del titular d\u2019aquest Web: Col\u00b7legi de Mediadors d\u2019Assegurances de Barcelona (en endavant<\/p>\n","protected":false},"author":4,"featured_media":0,"parent":0,"menu_order":0,"comment_status":"closed","ping_status":"closed","template":"","meta":{"footnotes":""},"class_list":["post-16124","page","type-page","status-publish","hentry"],"yoast_head":"<!-- This site is optimized with the Yoast SEO plugin v27.5 - https:\/\/yoast.com\/product\/yoast-seo-wordpress\/ -->\n<title>Av\u00eds Legal - Col-legi de Mediadors d&#039;Assegurances de Barcelona<\/title>\n<meta name=\"robots\" content=\"index, follow, max-snippet:-1, max-image-preview:large, max-video-preview:-1\" \/>\n<link rel=\"canonical\" href=\"https:\/\/www.elcol-legi.org\/w\/avis-legal-2\/\" \/>\n<meta property=\"og:locale\" content=\"ca_ES\" \/>\n<meta property=\"og:type\" content=\"article\" \/>\n<meta property=\"og:title\" content=\"Av\u00eds Legal - Col-legi de Mediadors d&#039;Assegurances de Barcelona\" \/>\n<meta property=\"og:description\" content=\"[vc_row][vc_column][vc_column_text] Av\u00eds Legal [\/vc_column_text][vc_column_text] Informaci\u00f3 del titular i responsable De conformitat amb all\u00f2 establert a la Llei 34\/2002, de 11 de juliol, de Serveis de la Societat de la Informaci\u00f3 i el Comer\u00e7 Electr\u00f2nic (LSSI) s\u2019informa de les dades identificatives i de contacte del titular d\u2019aquest Web: Col\u00b7legi de Mediadors d\u2019Assegurances de Barcelona (en endavant\" \/>\n<meta property=\"og:url\" content=\"https:\/\/www.elcol-legi.org\/w\/avis-legal-2\/\" \/>\n<meta property=\"og:site_name\" content=\"Col-legi de Mediadors d&#039;Assegurances de Barcelona\" \/>\n<meta property=\"article:modified_time\" content=\"2023-12-11T13:02:19+00:00\" \/>\n<meta name=\"twitter:card\" content=\"summary_large_image\" \/>\n<meta name=\"twitter:label1\" content=\"Temps estimat de lectura\" \/>\n\t<meta name=\"twitter:data1\" content=\"8 minuts\" \/>\n<script type=\"application\/ld+json\" class=\"yoast-schema-graph\">{\"@context\":\"https:\\\/\\\/schema.org\",\"@graph\":[{\"@type\":\"WebPage\",\"@id\":\"https:\\\/\\\/www.elcol-legi.org\\\/w\\\/avis-legal-2\\\/\",\"url\":\"https:\\\/\\\/www.elcol-legi.org\\\/w\\\/avis-legal-2\\\/\",\"name\":\"Av\u00eds Legal - Col-legi de Mediadors d&#039;Assegurances de Barcelona\",\"isPartOf\":{\"@id\":\"https:\\\/\\\/www.elcol-legi.org\\\/w\\\/#website\"},\"datePublished\":\"2023-12-11T12:58:12+00:00\",\"dateModified\":\"2023-12-11T13:02:19+00:00\",\"breadcrumb\":{\"@id\":\"https:\\\/\\\/www.elcol-legi.org\\\/w\\\/avis-legal-2\\\/#breadcrumb\"},\"inLanguage\":\"ca\",\"potentialAction\":[{\"@type\":\"ReadAction\",\"target\":[\"https:\\\/\\\/www.elcol-legi.org\\\/w\\\/avis-legal-2\\\/\"]}]},{\"@type\":\"BreadcrumbList\",\"@id\":\"https:\\\/\\\/www.elcol-legi.org\\\/w\\\/avis-legal-2\\\/#breadcrumb\",\"itemListElement\":[{\"@type\":\"ListItem\",\"position\":1,\"name\":\"Inici\",\"item\":\"https:\\\/\\\/www.elcol-legi.org\\\/w\\\/\"},{\"@type\":\"ListItem\",\"position\":2,\"name\":\"Av\u00eds Legal\"}]},{\"@type\":\"WebSite\",\"@id\":\"https:\\\/\\\/www.elcol-legi.org\\\/w\\\/#website\",\"url\":\"https:\\\/\\\/www.elcol-legi.org\\\/w\\\/\",\"name\":\"Col-legi de Mediadors d&#039;Assegurances de Barcelona\",\"description\":\"Support al mediador d&#039;assegurances\",\"potentialAction\":[{\"@type\":\"SearchAction\",\"target\":{\"@type\":\"EntryPoint\",\"urlTemplate\":\"https:\\\/\\\/www.elcol-legi.org\\\/w\\\/?s={search_term_string}\"},\"query-input\":{\"@type\":\"PropertyValueSpecification\",\"valueRequired\":true,\"valueName\":\"search_term_string\"}}],\"inLanguage\":\"ca\"}]}<\/script>\n<!-- \/ Yoast SEO plugin. -->","yoast_head_json":{"title":"Av\u00eds Legal - Col-legi de Mediadors d&#039;Assegurances de Barcelona","robots":{"index":"index","follow":"follow","max-snippet":"max-snippet:-1","max-image-preview":"max-image-preview:large","max-video-preview":"max-video-preview:-1"},"canonical":"https:\/\/www.elcol-legi.org\/w\/avis-legal-2\/","og_locale":"ca_ES","og_type":"article","og_title":"Av\u00eds Legal - Col-legi de Mediadors d&#039;Assegurances de Barcelona","og_description":"[vc_row][vc_column][vc_column_text] Av\u00eds Legal [\/vc_column_text][vc_column_text] Informaci\u00f3 del titular i responsable De conformitat amb all\u00f2 establert a la Llei 34\/2002, de 11 de juliol, de Serveis de la Societat de la Informaci\u00f3 i el Comer\u00e7 Electr\u00f2nic (LSSI) s\u2019informa de les dades identificatives i de contacte del titular d\u2019aquest Web: Col\u00b7legi de Mediadors d\u2019Assegurances de Barcelona (en endavant","og_url":"https:\/\/www.elcol-legi.org\/w\/avis-legal-2\/","og_site_name":"Col-legi de Mediadors d&#039;Assegurances de Barcelona","article_modified_time":"2023-12-11T13:02:19+00:00","twitter_card":"summary_large_image","twitter_misc":{"Temps estimat de lectura":"8 minuts"},"schema":{"@context":"https:\/\/schema.org","@graph":[{"@type":"WebPage","@id":"https:\/\/www.elcol-legi.org\/w\/avis-legal-2\/","url":"https:\/\/www.elcol-legi.org\/w\/avis-legal-2\/","name":"Av\u00eds Legal - Col-legi de Mediadors d&#039;Assegurances de Barcelona","isPartOf":{"@id":"https:\/\/www.elcol-legi.org\/w\/#website"},"datePublished":"2023-12-11T12:58:12+00:00","dateModified":"2023-12-11T13:02:19+00:00","breadcrumb":{"@id":"https:\/\/www.elcol-legi.org\/w\/avis-legal-2\/#breadcrumb"},"inLanguage":"ca","potentialAction":[{"@type":"ReadAction","target":["https:\/\/www.elcol-legi.org\/w\/avis-legal-2\/"]}]},{"@type":"BreadcrumbList","@id":"https:\/\/www.elcol-legi.org\/w\/avis-legal-2\/#breadcrumb","itemListElement":[{"@type":"ListItem","position":1,"name":"Inici","item":"https:\/\/www.elcol-legi.org\/w\/"},{"@type":"ListItem","position":2,"name":"Av\u00eds Legal"}]},{"@type":"WebSite","@id":"https:\/\/www.elcol-legi.org\/w\/#website","url":"https:\/\/www.elcol-legi.org\/w\/","name":"Col-legi de Mediadors d&#039;Assegurances de Barcelona","description":"Support al mediador d&#039;assegurances","potentialAction":[{"@type":"SearchAction","target":{"@type":"EntryPoint","urlTemplate":"https:\/\/www.elcol-legi.org\/w\/?s={search_term_string}"},"query-input":{"@type":"PropertyValueSpecification","valueRequired":true,"valueName":"search_term_string"}}],"inLanguage":"ca"}]}},"_links":{"self":[{"href":"https:\/\/www.elcol-legi.org\/w\/wp-json\/wp\/v2\/pages\/16124","targetHints":{"allow":["GET"]}}],"collection":[{"href":"https:\/\/www.elcol-legi.org\/w\/wp-json\/wp\/v2\/pages"}],"about":[{"href":"https:\/\/www.elcol-legi.org\/w\/wp-json\/wp\/v2\/types\/page"}],"author":[{"embeddable":true,"href":"https:\/\/www.elcol-legi.org\/w\/wp-json\/wp\/v2\/users\/4"}],"replies":[{"embeddable":true,"href":"https:\/\/www.elcol-legi.org\/w\/wp-json\/wp\/v2\/comments?post=16124"}],"version-history":[{"count":2,"href":"https:\/\/www.elcol-legi.org\/w\/wp-json\/wp\/v2\/pages\/16124\/revisions"}],"predecessor-version":[{"id":16127,"href":"https:\/\/www.elcol-legi.org\/w\/wp-json\/wp\/v2\/pages\/16124\/revisions\/16127"}],"wp:attachment":[{"href":"https:\/\/www.elcol-legi.org\/w\/wp-json\/wp\/v2\/media?parent=16124"}],"curies":[{"name":"wp","href":"https:\/\/api.w.org\/{rel}","templated":true}]}}