{"id":5961,"date":"2021-07-01T12:49:43","date_gmt":"2021-07-01T10:49:43","guid":{"rendered":"https:\/\/elcol-legi.org\/w\/?page_id=5961"},"modified":"2026-03-10T12:33:37","modified_gmt":"2026-03-10T10:33:37","slug":"mediario-dossier","status":"publish","type":"page","link":"https:\/\/www.elcol-legi.org\/w\/mediario-dossier\/","title":{"rendered":"Mediario Dossier"},"content":{"rendered":"<div class=\"wpb-content-wrapper\"><p>[vc_row][vc_column][vc_row_inner][vc_column_inner][vc_raw_html css=&#8221;&#8221;]JTNDZGl2JTIwc3R5bGUlM0QlMjJwb3NpdGlvbiUzQXJlbGF0aXZlJTNCcGFkZGluZy10b3AlM0FtYXglMjg2MCUyNSUyQzMyNHB4JTI5JTNCd2lkdGglM0ExMDAlMjUlM0JoZWlnaHQlM0EwJTNCJTIyJTNFJTNDaWZyYW1lJTIwc3R5bGUlM0QlMjJwb3NpdGlvbiUzQWFic29sdXRlJTNCYm9yZGVyJTNBbm9uZSUzQndpZHRoJTNBMTAwJTI1JTNCaGVpZ2h0JTNBMTAwJTI1JTNCbGVmdCUzQTAlM0J0b3AlM0EwJTNCJTIyJTIwc3JjJTNEJTIyaHR0cHMlM0ElMkYlMkZvbmxpbmUuZmxpcGh0bWw1LmNvbSUyRmNtYWJjbiUyRk1FRDIyJTJGJTIyJTIwdGl0bGUlM0QlMjJNZWRpYXJpbyUyMERvc3NpZXIlMjAlMjMyMiUyMEZlYnJlcm8lMjAyMDI2JTIyJTIwc2VhbWxlc3MlM0QlMjJzZWFtbGVzcyUyMiUyMHNjcm9sbGluZyUzRCUyMm5vJTIyJTIwZnJhbWVib3JkZXIlM0QlMjIwJTIyJTIwYWxsb3d0cmFuc3BhcmVuY3klM0QlMjJ0cnVlJTIyJTIwYWxsb3dmdWxsc2NyZWVuJTNEJTIydHJ1ZSUyMiUyMCUzRSUzQyUyRmlmcmFtZSUzRSUzQyUyRmRpdiUzRQ==[\/vc_raw_html][\/vc_column_inner][\/vc_row_inner][vc_column_text css=&#8221;.vc_custom_1730971283313{padding-top: 15px !important;}&#8221;]<strong>Mediario<\/strong> <strong>Dossier<\/strong> \u00e9s una publicaci\u00f3 en suport digital que s&#8217;edita cada tres mesos. Els continguts s\u00f3n tractats amb major amplitud, amb la perspectiva d&#8217;aportar dades i reflexions amb una major vig\u00e8ncia temporal. <strong>Mediario<\/strong> <strong>Dossier<\/strong> est\u00e0 dedicat en cada n\u00famero a una tem\u00e0tica en concret o a una l\u00ednia del negoci assegurador. Continguts que s&#8217;aborden en profunditat i des de diferents punts de vista, encara que sempre amb la sensibilitat de la mediaci\u00f3. El format de la revista, amb paper ecol\u00f2gic i una impressi\u00f3 molt cuidada, ofereix la possibilitat de guardar cada revista com una font d&#8217;informaci\u00f3 interessant sobre l&#8217;evoluci\u00f3 i les tend\u00e8ncies de l&#8217;asseguran\u00e7a.[\/vc_column_text][vc_btn title=&#8221;Acc\u00e9s a l&#8217;hemeroteca&#8221; color=&#8221;primary&#8221; align=&#8221;center&#8221; css=&#8221;&#8221; link=&#8221;url:https%3A%2F%2Ffliphtml5.com%2Fbookcase%2Fdjpce%2F|target:_blank&#8221;][\/vc_column][\/vc_row]<\/p>\n<\/div>","protected":false},"excerpt":{"rendered":"<p>[vc_row][vc_column][vc_row_inner][vc_column_inner][vc_raw_html css=&#8221;&#8221;]JTNDZGl2JTIwc3R5bGUlM0QlMjJwb3NpdGlvbiUzQXJlbGF0aXZlJTNCcGFkZGluZy10b3AlM0FtYXglMjg2MCUyNSUyQzMyNHB4JTI5JTNCd2lkdGglM0ExMDAlMjUlM0JoZWlnaHQlM0EwJTNCJTIyJTNFJTNDaWZyYW1lJTIwc3R5bGUlM0QlMjJwb3NpdGlvbiUzQWFic29sdXRlJTNCYm9yZGVyJTNBbm9uZSUzQndpZHRoJTNBMTAwJTI1JTNCaGVpZ2h0JTNBMTAwJTI1JTNCbGVmdCUzQTAlM0J0b3AlM0EwJTNCJTIyJTIwc3JjJTNEJTIyaHR0cHMlM0ElMkYlMkZvbmxpbmUuZmxpcGh0bWw1LmNvbSUyRmNtYWJjbiUyRk1FRDIyJTJGJTIyJTIwdGl0bGUlM0QlMjJNZWRpYXJpbyUyMERvc3NpZXIlMjAlMjMyMiUyMEZlYnJlcm8lMjAyMDI2JTIyJTIwc2VhbWxlc3MlM0QlMjJzZWFtbGVzcyUyMiUyMHNjcm9sbGluZyUzRCUyMm5vJTIyJTIwZnJhbWVib3JkZXIlM0QlMjIwJTIyJTIwYWxsb3d0cmFuc3BhcmVuY3klM0QlMjJ0cnVlJTIyJTIwYWxsb3dmdWxsc2NyZWVuJTNEJTIydHJ1ZSUyMiUyMCUzRSUzQyUyRmlmcmFtZSUzRSUzQyUyRmRpdiUzRQ==[\/vc_raw_html][\/vc_column_inner][\/vc_row_inner][vc_column_text css=&#8221;.vc_custom_1730971283313{padding-top: 15px !important;}&#8221;]Mediario Dossier \u00e9s una publicaci\u00f3 en suport digital que s&#8217;edita cada tres mesos. Els continguts s\u00f3n tractats amb major amplitud, amb la perspectiva d&#8217;aportar dades i reflexions amb una major vig\u00e8ncia temporal. Mediario Dossier est\u00e0 dedicat en cada n\u00famero a una tem\u00e0tica en concret o a una l\u00ednia del negoci assegurador.<\/p>\n","protected":false},"author":4,"featured_media":0,"parent":0,"menu_order":0,"comment_status":"closed","ping_status":"closed","template":"","meta":{"footnotes":""},"class_list":["post-5961","page","type-page","status-publish","hentry"],"yoast_head":"<!-- This site is optimized with the Yoast SEO plugin v27.5 - https:\/\/yoast.com\/product\/yoast-seo-wordpress\/ -->\n<title>Mediario Dossier - Col-legi de Mediadors d&#039;Assegurances de Barcelona<\/title>\n<meta name=\"robots\" content=\"index, follow, max-snippet:-1, max-image-preview:large, max-video-preview:-1\" \/>\n<link rel=\"canonical\" href=\"https:\/\/www.elcol-legi.org\/w\/mediario-dossier\/\" \/>\n<meta property=\"og:locale\" content=\"ca_ES\" \/>\n<meta property=\"og:type\" content=\"article\" \/>\n<meta property=\"og:title\" content=\"Mediario Dossier - Col-legi de Mediadors d&#039;Assegurances de Barcelona\" \/>\n<meta property=\"og:description\" content=\"[vc_row][vc_column][vc_row_inner][vc_column_inner][vc_raw_html css=&#8221;&#8221;]JTNDZGl2JTIwc3R5bGUlM0QlMjJwb3NpdGlvbiUzQXJlbGF0aXZlJTNCcGFkZGluZy10b3AlM0FtYXglMjg2MCUyNSUyQzMyNHB4JTI5JTNCd2lkdGglM0ExMDAlMjUlM0JoZWlnaHQlM0EwJTNCJTIyJTNFJTNDaWZyYW1lJTIwc3R5bGUlM0QlMjJwb3NpdGlvbiUzQWFic29sdXRlJTNCYm9yZGVyJTNBbm9uZSUzQndpZHRoJTNBMTAwJTI1JTNCaGVpZ2h0JTNBMTAwJTI1JTNCbGVmdCUzQTAlM0J0b3AlM0EwJTNCJTIyJTIwc3JjJTNEJTIyaHR0cHMlM0ElMkYlMkZvbmxpbmUuZmxpcGh0bWw1LmNvbSUyRmNtYWJjbiUyRk1FRDIyJTJGJTIyJTIwdGl0bGUlM0QlMjJNZWRpYXJpbyUyMERvc3NpZXIlMjAlMjMyMiUyMEZlYnJlcm8lMjAyMDI2JTIyJTIwc2VhbWxlc3MlM0QlMjJzZWFtbGVzcyUyMiUyMHNjcm9sbGluZyUzRCUyMm5vJTIyJTIwZnJhbWVib3JkZXIlM0QlMjIwJTIyJTIwYWxsb3d0cmFuc3BhcmVuY3klM0QlMjJ0cnVlJTIyJTIwYWxsb3dmdWxsc2NyZWVuJTNEJTIydHJ1ZSUyMiUyMCUzRSUzQyUyRmlmcmFtZSUzRSUzQyUyRmRpdiUzRQ==[\/vc_raw_html][\/vc_column_inner][\/vc_row_inner][vc_column_text css=&#8221;.vc_custom_1730971283313{padding-top: 15px !important;}&#8221;]Mediario Dossier \u00e9s una publicaci\u00f3 en suport digital que s&#8217;edita cada tres mesos. Els continguts s\u00f3n tractats amb major amplitud, amb la perspectiva d&#8217;aportar dades i reflexions amb una major vig\u00e8ncia temporal. Mediario Dossier est\u00e0 dedicat en cada n\u00famero a una tem\u00e0tica en concret o a una l\u00ednia del negoci assegurador.\" \/>\n<meta property=\"og:url\" content=\"https:\/\/www.elcol-legi.org\/w\/mediario-dossier\/\" \/>\n<meta property=\"og:site_name\" content=\"Col-legi de Mediadors d&#039;Assegurances de Barcelona\" \/>\n<meta property=\"article:modified_time\" content=\"2026-03-10T10:33:37+00:00\" \/>\n<meta name=\"twitter:card\" content=\"summary_large_image\" \/>\n<meta name=\"twitter:label1\" content=\"Temps estimat de lectura\" \/>\n\t<meta name=\"twitter:data1\" content=\"1 minut\" \/>\n<script type=\"application\/ld+json\" class=\"yoast-schema-graph\">{\"@context\":\"https:\\\/\\\/schema.org\",\"@graph\":[{\"@type\":\"WebPage\",\"@id\":\"https:\\\/\\\/www.elcol-legi.org\\\/w\\\/mediario-dossier\\\/\",\"url\":\"https:\\\/\\\/www.elcol-legi.org\\\/w\\\/mediario-dossier\\\/\",\"name\":\"Mediario Dossier - Col-legi de Mediadors d&#039;Assegurances de Barcelona\",\"isPartOf\":{\"@id\":\"https:\\\/\\\/www.elcol-legi.org\\\/w\\\/#website\"},\"datePublished\":\"2021-07-01T10:49:43+00:00\",\"dateModified\":\"2026-03-10T10:33:37+00:00\",\"breadcrumb\":{\"@id\":\"https:\\\/\\\/www.elcol-legi.org\\\/w\\\/mediario-dossier\\\/#breadcrumb\"},\"inLanguage\":\"ca\",\"potentialAction\":[{\"@type\":\"ReadAction\",\"target\":[\"https:\\\/\\\/www.elcol-legi.org\\\/w\\\/mediario-dossier\\\/\"]}]},{\"@type\":\"BreadcrumbList\",\"@id\":\"https:\\\/\\\/www.elcol-legi.org\\\/w\\\/mediario-dossier\\\/#breadcrumb\",\"itemListElement\":[{\"@type\":\"ListItem\",\"position\":1,\"name\":\"Inici\",\"item\":\"https:\\\/\\\/www.elcol-legi.org\\\/w\\\/\"},{\"@type\":\"ListItem\",\"position\":2,\"name\":\"Mediario Dossier\"}]},{\"@type\":\"WebSite\",\"@id\":\"https:\\\/\\\/www.elcol-legi.org\\\/w\\\/#website\",\"url\":\"https:\\\/\\\/www.elcol-legi.org\\\/w\\\/\",\"name\":\"Col-legi de Mediadors d&#039;Assegurances de Barcelona\",\"description\":\"Support al mediador d&#039;assegurances\",\"potentialAction\":[{\"@type\":\"SearchAction\",\"target\":{\"@type\":\"EntryPoint\",\"urlTemplate\":\"https:\\\/\\\/www.elcol-legi.org\\\/w\\\/?s={search_term_string}\"},\"query-input\":{\"@type\":\"PropertyValueSpecification\",\"valueRequired\":true,\"valueName\":\"search_term_string\"}}],\"inLanguage\":\"ca\"}]}<\/script>\n<!-- \/ Yoast SEO plugin. -->","yoast_head_json":{"title":"Mediario Dossier - Col-legi de Mediadors d&#039;Assegurances de Barcelona","robots":{"index":"index","follow":"follow","max-snippet":"max-snippet:-1","max-image-preview":"max-image-preview:large","max-video-preview":"max-video-preview:-1"},"canonical":"https:\/\/www.elcol-legi.org\/w\/mediario-dossier\/","og_locale":"ca_ES","og_type":"article","og_title":"Mediario Dossier - Col-legi de Mediadors d&#039;Assegurances de Barcelona","og_description":"[vc_row][vc_column][vc_row_inner][vc_column_inner][vc_raw_html css=&#8221;&#8221;]JTNDZGl2JTIwc3R5bGUlM0QlMjJwb3NpdGlvbiUzQXJlbGF0aXZlJTNCcGFkZGluZy10b3AlM0FtYXglMjg2MCUyNSUyQzMyNHB4JTI5JTNCd2lkdGglM0ExMDAlMjUlM0JoZWlnaHQlM0EwJTNCJTIyJTNFJTNDaWZyYW1lJTIwc3R5bGUlM0QlMjJwb3NpdGlvbiUzQWFic29sdXRlJTNCYm9yZGVyJTNBbm9uZSUzQndpZHRoJTNBMTAwJTI1JTNCaGVpZ2h0JTNBMTAwJTI1JTNCbGVmdCUzQTAlM0J0b3AlM0EwJTNCJTIyJTIwc3JjJTNEJTIyaHR0cHMlM0ElMkYlMkZvbmxpbmUuZmxpcGh0bWw1LmNvbSUyRmNtYWJjbiUyRk1FRDIyJTJGJTIyJTIwdGl0bGUlM0QlMjJNZWRpYXJpbyUyMERvc3NpZXIlMjAlMjMyMiUyMEZlYnJlcm8lMjAyMDI2JTIyJTIwc2VhbWxlc3MlM0QlMjJzZWFtbGVzcyUyMiUyMHNjcm9sbGluZyUzRCUyMm5vJTIyJTIwZnJhbWVib3JkZXIlM0QlMjIwJTIyJTIwYWxsb3d0cmFuc3BhcmVuY3klM0QlMjJ0cnVlJTIyJTIwYWxsb3dmdWxsc2NyZWVuJTNEJTIydHJ1ZSUyMiUyMCUzRSUzQyUyRmlmcmFtZSUzRSUzQyUyRmRpdiUzRQ==[\/vc_raw_html][\/vc_column_inner][\/vc_row_inner][vc_column_text css=&#8221;.vc_custom_1730971283313{padding-top: 15px !important;}&#8221;]Mediario Dossier \u00e9s una publicaci\u00f3 en suport digital que s&#8217;edita cada tres mesos. Els continguts s\u00f3n tractats amb major amplitud, amb la perspectiva d&#8217;aportar dades i reflexions amb una major vig\u00e8ncia temporal. Mediario Dossier est\u00e0 dedicat en cada n\u00famero a una tem\u00e0tica en concret o a una l\u00ednia del negoci assegurador.","og_url":"https:\/\/www.elcol-legi.org\/w\/mediario-dossier\/","og_site_name":"Col-legi de Mediadors d&#039;Assegurances de Barcelona","article_modified_time":"2026-03-10T10:33:37+00:00","twitter_card":"summary_large_image","twitter_misc":{"Temps estimat de lectura":"1 minut"},"schema":{"@context":"https:\/\/schema.org","@graph":[{"@type":"WebPage","@id":"https:\/\/www.elcol-legi.org\/w\/mediario-dossier\/","url":"https:\/\/www.elcol-legi.org\/w\/mediario-dossier\/","name":"Mediario Dossier - Col-legi de Mediadors d&#039;Assegurances de Barcelona","isPartOf":{"@id":"https:\/\/www.elcol-legi.org\/w\/#website"},"datePublished":"2021-07-01T10:49:43+00:00","dateModified":"2026-03-10T10:33:37+00:00","breadcrumb":{"@id":"https:\/\/www.elcol-legi.org\/w\/mediario-dossier\/#breadcrumb"},"inLanguage":"ca","potentialAction":[{"@type":"ReadAction","target":["https:\/\/www.elcol-legi.org\/w\/mediario-dossier\/"]}]},{"@type":"BreadcrumbList","@id":"https:\/\/www.elcol-legi.org\/w\/mediario-dossier\/#breadcrumb","itemListElement":[{"@type":"ListItem","position":1,"name":"Inici","item":"https:\/\/www.elcol-legi.org\/w\/"},{"@type":"ListItem","position":2,"name":"Mediario Dossier"}]},{"@type":"WebSite","@id":"https:\/\/www.elcol-legi.org\/w\/#website","url":"https:\/\/www.elcol-legi.org\/w\/","name":"Col-legi de Mediadors d&#039;Assegurances de Barcelona","description":"Support al mediador d&#039;assegurances","potentialAction":[{"@type":"SearchAction","target":{"@type":"EntryPoint","urlTemplate":"https:\/\/www.elcol-legi.org\/w\/?s={search_term_string}"},"query-input":{"@type":"PropertyValueSpecification","valueRequired":true,"valueName":"search_term_string"}}],"inLanguage":"ca"}]}},"_links":{"self":[{"href":"https:\/\/www.elcol-legi.org\/w\/wp-json\/wp\/v2\/pages\/5961","targetHints":{"allow":["GET"]}}],"collection":[{"href":"https:\/\/www.elcol-legi.org\/w\/wp-json\/wp\/v2\/pages"}],"about":[{"href":"https:\/\/www.elcol-legi.org\/w\/wp-json\/wp\/v2\/types\/page"}],"author":[{"embeddable":true,"href":"https:\/\/www.elcol-legi.org\/w\/wp-json\/wp\/v2\/users\/4"}],"replies":[{"embeddable":true,"href":"https:\/\/www.elcol-legi.org\/w\/wp-json\/wp\/v2\/comments?post=5961"}],"version-history":[{"count":24,"href":"https:\/\/www.elcol-legi.org\/w\/wp-json\/wp\/v2\/pages\/5961\/revisions"}],"predecessor-version":[{"id":27032,"href":"https:\/\/www.elcol-legi.org\/w\/wp-json\/wp\/v2\/pages\/5961\/revisions\/27032"}],"wp:attachment":[{"href":"https:\/\/www.elcol-legi.org\/w\/wp-json\/wp\/v2\/media?parent=5961"}],"curies":[{"name":"wp","href":"https:\/\/api.w.org\/{rel}","templated":true}]}}