{"id":7072,"date":"2021-12-22T10:37:49","date_gmt":"2021-12-22T08:37:49","guid":{"rendered":"https:\/\/elcol-legi.org\/w\/?page_id=7072"},"modified":"2022-04-12T17:07:47","modified_gmt":"2022-04-12T15:07:47","slug":"avis-legal","status":"publish","type":"page","link":"https:\/\/www.elcol-legi.org\/w\/avis-legal\/","title":{"rendered":"Av\u00eds legal i pol\u00edtica de privacitat i protecci\u00f3 de dades"},"content":{"rendered":"<div class=\"wpb-content-wrapper\"><p>[vc_row][vc_column][vc_column_text]INTRODUCCI\u00d3<\/p>\n<p>Aquest document descriu la Pol\u00edtica de privacitat que regula el tractament de les dades de car\u00e0cter personal que els Usuaris d\u2019Internet faciliten en el lloc web\u00a0<a href=\"http:\/\/www.elcol-legi.org\/\">http:\/\/www.elcol-legi.org<\/a>, (des d\u2019ara \u201cel Web\u201d).<\/p>\n<p>El titular del Web \u00e9s el Col\u00b7legi de Mediadors d\u2019Assegurances de Barcelona, amb domicili a Passeig de Sant Joan, 33, 08010, Barcelona, Espanya, amb CIF G08476749<em>,<\/em> Inscrit amb la clau MASS\/B-2 del registre de la Generalitat de Catalunya, Departament de Just\u00edcia\u00a0 de la Direcci\u00f3 General de Dret i d\u2019Entitats Jur\u00eddiques.<\/p>\n<p>La finalitat del Web \u00e9s donar a con\u00e8ixer els productes i serveis que ofereix el Col\u00b7legi de Mediadors d\u2019Assegurances de Barcelona, i donar informaci\u00f3 sobre els mateixos, aix\u00ed com facilitar un altre tipus d\u2019informaci\u00f3 que creiem que pot ser d\u2019inter\u00e8s i crear un espai de comunicaci\u00f3 per als Usuaris d\u2019Internet.<\/p>\n<p>A l\u2019accedir a aquest Web estar\u00e0 consentint de forma expressa el tractament de les seves dades respecte a aquesta pol\u00edtica, tot i que ho fa de manera revocable i sense efectes retroactius. L\u2019acc\u00e9s a aquest Web est\u00e0, per tant, subordinat a aquesta pol\u00edtica, aix\u00ed com a tota la legislaci\u00f3 aplicable a la que es fa refer\u00e8ncia en aquest apartat aix\u00ed com a l\u2019av\u00eds legal.<\/p>\n<p>Aquesta pol\u00edtica de privacitat s\u2019aplica a totes les p\u00e0gines web i dominis que depenguin de elcol-legi.org.<\/p>\n<p>OBJECTIU<\/p>\n<p>L\u2019objectiu d\u2019aquesta Pol\u00edtica de privacitat \u00e9s donar a con\u00e8ixer als Usuaris d\u2019Internet la manera en qu\u00e8 es recullen, es tracten i es protegeixen les dades de car\u00e0cter personal que faciliten a Col\u00b7legi de Mediadors d\u2019Assegurances de Barcelona. per obtenir els diferents productes i serveis que ofereixen.<\/p>\n<p>LEGISLACI\u00d3<br \/>\nAquesta pol\u00edtica est\u00e0 regulada pel reglament <a href=\"https:\/\/www.boe.es\/doue\/2016\/119\/L00001-00088.pdf\">(UE) 2016\/679 del Parlament Europeu i del Consell, de 27 d\u2019abril de 2016.<\/a><\/p>\n<p>RESPONSABLE DEL TRACTAMENT DE DADES.<\/p>\n<p>Col\u00b7legi de Mediadors d\u2019Assegurances de Barcelona, Passeig de Sant Joan, 33. 08010 Barcelona. Tel\u00e8fon, 932153223 <a href=\"mailto:elcol-legi@elcol-legi.org\">elcol-legi@elcol-legi.org<\/a><\/p>\n<p>Dades de contacte del Delegat de Protecci\u00f3 de Dades: <a href=\"mailto:dpd@elcol-legi.org\">dpd@elcol-legi.org<\/a><\/p>\n<p>FINALITAT DELS TRACTAMENTS I QUALITAT DE LES DADES DE CAR\u00c0CTER PERSONAL<\/p>\n<p>El Col\u00b7legi de Mediadors d\u2019Assegurances de Barcelona l\u2019informa que les dades personals que vost\u00e8 ens faciliti, seran tractades amb la finalitat de:<\/p>\n<ul>\n<li>Realitzar una correcta gesti\u00f3 administrativa, econ\u00f2mica i comercial.<\/li>\n<li>Atendre les seves consultes i sol\u00b7licituds<\/li>\n<li>Realitzar un control de qualitat sobre els nostres productes i serveis<\/li>\n<li>Remetre-li comunicacions personals en relaci\u00f3 als seus interessos<\/li>\n<li>Realitzaci\u00f3 d\u2019enquestes d\u2019opini\u00f3 i fins estad\u00edstiques, ja per informar peri\u00f2dicament de novetats, productes i serveis tant per mitjans escrits com electr\u00f2nics,<\/li>\n<li>Compliment de normatives en mat\u00e8ria de prevenci\u00f3 de blanqueig de capitals i finan\u00e7ament del terrorisme<\/li>\n<\/ul>\n<p>Aquest consentiment \u00e9s en compliment amb el que disposa la normativa vigent, Reglament (UE) 2016\/679, del Parlament Europeu i del Consell, de 27 d\u2019abril de 2016, relatiu a la protecci\u00f3 de les persones f\u00edsiques pel que fa al tractament de dades personals i la lliure circulaci\u00f3 d\u2019aquestes dades (\u201cRGPD\u201d).<\/p>\n<p>Les dades de car\u00e0cter personal que se sol\u00b7liciten en els formularis del web, s\u00f3n les m\u00ednimes dades necess\u00e0ries i imprescindibles per poder gestionar correctament les sol\u00b7licituds dels Usuaris d\u2019Internet, i s\u00f3n adequades, rellevants i no excessives en relaci\u00f3 amb les finalitats per les quals es sol\u00b7liciten.<\/p>\n<p>Les dades de car\u00e0cter personal facilitades pels Usuaris d\u2019Internet han de ser exactes, correctes i estar actualitzades, de manera que responguin amb veracitat a la seva situaci\u00f3 actual. En cas contrari aquestes dades seran cancel\u00b7lades.<\/p>\n<p>Les dades de car\u00e0cter personal seran cancel\u00b7lades quan hagin deixat de ser necess\u00e0ries per a les finalitats per les quals han estat recollides. No obstant aix\u00f2, es conservaran durant el temps en qu\u00e8 pugui exigir-se algun tipus de responsabilitat al Col\u00b7legi de Mediadors d\u2019Assegurances de Barcelona per aquests tractaments.<\/p>\n<p>Amb car\u00e0cter general no s\u2019utilitzaran les dades rebudes per cap finalitat que no sigui atendre a la seva sol\u00b7licitud, oferir-li una atenci\u00f3 personalitzada, i sempre relacionat amb les gestions realitzades a trav\u00e9s del Col\u00b7legi de Mediadors d\u2019Assegurances de Barcelona<\/p>\n<p>TRACTAMENT DE DADES DE CAR\u00c0CTER PERSONAL<\/p>\n<p>Les dades de car\u00e0cter personal que facilitin els Usuaris d\u2019Internet seran tractades de forma lleial i l\u00edcita, s\u2019utilitzaran per a les finalitats exposades anteriorment i no seran utilitzades per a altres finalitats incompatibles amb les especificades.<\/p>\n<p>Les dades de car\u00e0cter personal que els Usuaris d\u2019Internet ens facilitin s\u2019emmagatzemaran en diferents fitxers que formen part del sistema d\u2019informaci\u00f3 del Col\u00b7legi de Mediadors d\u2019Assegurances de Barcelona per realitzar les gestions d\u2019aquest lloc web.<\/p>\n<p>\u00bfCOM RECOLLIM LES SEVES DADES?<\/p>\n<p>Sempre recollim les seves dades amb el seu consentiment expr\u00e9s, i pot ser de diferents maneres:<\/p>\n<ul>\n<li>Quan vost\u00e8 contacta directament amb el Col\u00b7legi de Mediadors d\u2019Assegurances de Barcelona, ja sigui a trav\u00e9s del web, o per correu electr\u00f2nic o per l\u00ednia telef\u00f2nica amb motiu de sol\u00b7licitar alguna informaci\u00f3 sobre els nostres productes o serveis<\/li>\n<li>Quan vost\u00e8 contracta algun servei a trav\u00e9s del Col\u00b7legi de Mediadors d\u2019Assegurances de Barcelona.<\/li>\n<li>En el formulari de contacte del web<\/li>\n<li>En el registre d\u2019usuari<\/li>\n<\/ul>\n<p>L\u2019informem que els consentiments atorgats per vost\u00e8 tenen car\u00e0cter totalment revocable. Aquesta revocaci\u00f3 la pot fer efectiva mitjan\u00e7ant l\u2019enviament d\u2019un correu electr\u00f2nic al Delegat de Protecci\u00f3 de Dades tal i com figura a l\u2019inici d\u2019aquesta p\u00e0gina o pels diferents mitjans de comunicaci\u00f3 que li senyalem. Tanmateix, l\u2019informem que aquesta revocaci\u00f3 no t\u00e9 efectes retroactius, amb efectes des del mateix moment de sol\u00b7licitud de la revocaci\u00f3.<\/p>\n<p>QUI T\u00c9 ACC\u00c9S A LES SEVES DADES?<\/p>\n<p>El Col\u00b7legi de Mediadors d\u2019Assegurances de Barcelona podr\u00e0 proporcionar les dades a la companyia o companyies d\u2019assegurances per tal d\u2019informar de temes relacionats amb sessions ja realitzades\u00a0.<\/p>\n<p>COMUNICACI\u00d3 DE DADES DE CAR\u00c0CTER PERSONAL<\/p>\n<p>Les dades de car\u00e0cter personal que els Usuaris d\u2019Internet ens facilitin no seran comunicats a cap altre tercer.<\/p>\n<p>Les dades de car\u00e0cter personal dels Usuaris d\u2019Internet poden ser comunicades a les administracions p\u00fabliques, autoritats administratives, judicials i\/o policials, sempre que estigui establert per llei.<\/p>\n<p>PER\u00cdODE\u00a0DE CONSERVACI\u00d3 DE LES SEVES DADES<\/p>\n<p>La informaci\u00f3 que ens proporcioni es mantindr\u00e0 als nostres sistemes mentre vost\u00e8 no sol\u00b7liciti la revocaci\u00f3 del seu consentiment. Vost\u00e8 podr\u00e0 retirar el seu consentiment en qualsevol moment, si b\u00e9 que donat el cas, \u00e9s possible que encara tinguem el dret o obligaci\u00f3, sota la legislaci\u00f3 aplicable de demanar, usar, transferir o comunicar la seva informaci\u00f3 personal. A m\u00e9s, l\u2019informem que \u00e9s possible que haguem de conservar certa informaci\u00f3 amb la finalitat de manteniment de registres i\/o finalitzar qualsevol transacci\u00f3 que hagi iniciat abans de sol\u00b7licitar un canvi o eliminaci\u00f3.<\/p>\n<p>L\u2019informem que conservarem la seva informaci\u00f3 personal per el per\u00edode necessari per complir amb els prop\u00f2sits descrits en aquesta pol\u00edtica de privacitat, a menys que legalment es permeti o requereixi un per\u00edode de retenci\u00f3 m\u00e9s llarg.<\/p>\n<p>LEGITIMITZACI\u00d3<\/p>\n<p>El tractament de les seves dades respecte a les finalitats anteriorment descrites, est\u00e0 perm\u00e8s pel RGPD de conformitat amb les seg\u00fcents bases jur\u00eddiques: La base legal per atendre la relaci\u00f3 de negoci, \u00e9s la legitimaci\u00f3 per consentiment expr\u00e9s de l\u2019Usuari; vost\u00e8 ha autoritzat, a trav\u00e9s d\u2019un formulari automatitzat i \/ o paper, el seu consentiment expr\u00e9s per al tractament de les seves dades amb determinades finalitats. Vost\u00e8 pot revocar el consentiment donat en tot moment. La base legal per atendre la relaci\u00f3 contractual, \u00e9s la legitimaci\u00f3 per execuci\u00f3 d\u2019un contracte subscrit amb vost\u00e8. A m\u00e9s, en alguns casos ser\u00e0 necessari el tractament per al compliment de les corresponents obligacions legals. En tots dos casos, per poder atendre i gestionar correctament la seva sol\u00b7licitud, l\u2019interessat est\u00e0 obligat a facilitar les dades personals, en cas contrari no podrem atendre la seva sol\u00b7licitud.<\/p>\n<p>CONFIDENCIALITAT I SEGURETAT DE LES DADES DE CAR\u00c0CTER PERSONAL<\/p>\n<p>Les dades de car\u00e0cter personal que els Usuaris d\u2019Internet ens facilitin seran tractades amb total confidencialitat. El Col\u00b7legi de Mediadors d\u2019Assegurances de Barcelona, en la seva qualitat de responsable de la gesti\u00f3 i el control d\u2019aquest Web, es compromet a guardar secret professional respecte a aquestes dades de car\u00e0cter personal i garanteix el deure guardar-les adoptant totes les mesures de seguretat necess\u00e0ries.<\/p>\n<p>El Col\u00b7legi de Mediadors d\u2019Assegurances de Barcelona, t\u00e9 implementades totes les mesures de car\u00e0cter \u00a0t\u00e8cnic i organitzatives necess\u00e0ries per garantir la seguretat de les dades de car\u00e0cter personal i evitar la seva alteraci\u00f3, p\u00e8rdua, tractament i\/o acc\u00e9s no autoritzat, tenint en compte de l\u2019estat de la tecnologia, la naturalesa de les dades emmagatzemades i els riscos a que estan exposades, ja provinguin d\u2019una acci\u00f3 humana o d\u2019un mitj\u00e0 f\u00edsic o natural, tal com estableix la legislaci\u00f3 vigent de protecci\u00f3 de dades de car\u00e0cter personal.<\/p>\n<p>No obstant aix\u00f2, la transmissi\u00f3 d\u2019informaci\u00f3 mitjan\u00e7ant les xarxes de comunicacions i d\u2019Internet no \u00e9s totalment segura; per aix\u00f2, i malgrat el Col\u00b7legi de Mediadors d\u2019Assegurances de Barcelona, realitzar\u00e0 els esfor\u00e7os necessaris per protegir les dades de car\u00e0cter personal, no pot garantir la seguretat de les mateixes durant el tr\u00e0nsit fins al Web. Tota la informaci\u00f3 que els Usuaris d\u2019Internet facilitin per aquest mitj\u00e0, s\u2019enviar\u00e0 pel seu compte i risc.<\/p>\n<p>ELS SEUS DRETS ATENYENT A LES DADES FACILITADES<\/p>\n<ul>\n<li>Les persones que hagin facilitat les seves dades de car\u00e0cter personal al Col\u00b7legi de Mediadors d\u2019Assegurances de Barcelona podran exercir, si ho desitgen, els seus drets d\u2019acc\u00e9s, rectificaci\u00f3, cancel\u00b7laci\u00f3 i oposici\u00f3 respecte a les dades facilitades, en els termes recollits en la legislaci\u00f3 vigent de protecci\u00f3 de dades de car\u00e0cter personal.<\/li>\n<li>Per poder exercir aquests drets, podran dirigir-se a la seg\u00fcent adre\u00e7a de correu electr\u00f2nic:\u00a0<a href=\"mailto:dpd@elcol-legi.org\">dpd@elcol-legi.org<\/a> amb la referencia \u201cExercici de drets\u201d, especificant les seves dades, acreditant la seva identitat i els motius de la seva sol\u00b7licitud.<\/li>\n<li>T\u00e9 tamb\u00e9 dret a presentar un reclamaci\u00f3 davant l\u2019Autoritat Catalana de Protecci\u00f3 de Dades.<\/li>\n<li>Dret a la portabilitat de les seves dades personals<\/li>\n<li>Per exercir els drets, s\u2019ha de verificar la seva identitat mitjan\u00e7ant l\u2019enviament del seu DNI o un altre document acreditatiu legal com el passaport.<\/li>\n<\/ul>\n<p>L\u2019exercici per part seva d\u2019aquests drets est\u00e0 subjecte a determinades excepcions per motius d\u2019inter\u00e8s general, com la prevenci\u00f3 o detecci\u00f3 de delictes o pels nostres propis interessos, com el manteniment de confidencialitat de l\u2019assessorament jur\u00eddic. Si vost\u00e8 exerc\u00eds algun d\u2019aquests drets, comprovarem que est\u00e0 facultat per aix\u00f2, i li respondrem en un mes (segons l\u2019RGPD) o en el termini m\u00e0xim previst en la normativa espanyola, si aquest fos inferior.<\/p>\n<p>MENORS D\u2019EDAT<\/p>\n<p>El Col\u00b7legi de Mediadors d\u2019Assegurances de Barcelona ent\u00e9n la import\u00e0ncia de protegir la privacitat dels menors d\u2019edat, especialment en un entorn online.<\/p>\n<p>El Col\u00b7legi de Mediadors d\u2019Assegurances de Barcelona no dur\u00e0 a terme volunt\u00e0riament el tractament de dades de car\u00e0cter personal relatives a menors d\u2019edat. En el cas que es tingui coneixement que les dades de car\u00e0cter personal recollides corresponen a un menor d\u2019edat, s\u2019adoptaran les mesures oportunes per eliminar aquestes dades tan aviat com sigui possible.<\/p>\n<p>NAVEGACI\u00d3 AN\u00d2NIMA<\/p>\n<p>El Col\u00b7legi de Mediadors d\u2019Assegurances de Barcelona obt\u00e9 informaci\u00f3 an\u00f2nima sobre els seus visitants. Aix\u00f2 significa que aquesta informaci\u00f3 no es pot associar a un usuari concret i identificat. Les dades que se\u2019n conserven s\u00f3n:<\/p>\n<ul>\n<li>La data i hora d\u2019acc\u00e9s al web.<\/li>\n<li>L\u2019adre\u00e7a IP del dispositiu que accedeix al web.<\/li>\n<li>L\u2019adre\u00e7a d\u2019internet d\u2019un enlla\u00e7 que redirigeix a l\u2019usuari al nostre web.<\/li>\n<\/ul>\n<p>CONSENTIMENT<\/p>\n<p>En acceptar aquesta Pol\u00edtica de privacitat els Usuaris d\u2019Internet estan d\u2019acord amb tots els aspectes exposats en aquest document i ens autoritzen a tractar les seves dades de car\u00e0cter personal per a les finalitats exposades anteriorment.<\/p>\n<p>ALTRES<\/p>\n<p>Per realitzar qualsevol tipus de consulta respecte a aquesta Pol\u00edtica de privacitat pot dirigir-se a la seg\u00fcent adre\u00e7a de correu electr\u00f2nic:\u00a0<a href=\"mailto:elcol-legi@elcol-legi.org\">elcol-legi@elcol-legi.org<\/a><\/p>\n<p>VIG\u00c8NCIA I MODIFICACI\u00d3 D\u2019AQUESTA POL\u00cdTICA DE PRIVACITAT<\/p>\n<p>La Pol\u00edtica de privacitat del Web ha estat actualitzada a l\u2019abril de 2022&#8230;<\/p>\n<p>El Col\u00b7legi de Mediadors d\u2019Assegurances de Barcelona es reserva el dret a modificar la Pol\u00edtica de privacitat del Web en el cas que existeixi un canvi en la legislaci\u00f3 vigent, doctrinal, jurisprudencial o per criteris propis empresarials. Si s\u2019introdu\u00eds algun canvi en aquesta Pol\u00edtica, el nou text ser\u00e0 publicat en aquest mateix Web.<\/p>\n<p>Es recomana als Usuaris d\u2019Internet que accedeixin peri\u00f2dicament a aquesta Pol\u00edtica de privacitat que trobaran al Web.<br \/>\n[\/vc_column_text][\/vc_column][\/vc_row]<\/p>\n<\/div>","protected":false},"excerpt":{"rendered":"<p>[vc_row][vc_column][vc_column_text]INTRODUCCI\u00d3 Aquest document descriu la Pol\u00edtica de privacitat que regula el tractament de les dades de car\u00e0cter personal que els Usuaris d\u2019Internet faciliten en el lloc web\u00a0http:\/\/www.elcol-legi.org, (des d\u2019ara \u201cel Web\u201d). El titular del Web \u00e9s el Col\u00b7legi de Mediadors d\u2019Assegurances de Barcelona, amb domicili a Passeig de Sant Joan, 33, 08010, Barcelona, Espanya, amb<\/p>\n","protected":false},"author":4,"featured_media":0,"parent":0,"menu_order":0,"comment_status":"closed","ping_status":"closed","template":"","meta":{"footnotes":""},"class_list":["post-7072","page","type-page","status-publish","hentry"],"yoast_head":"<!-- This site is optimized with the Yoast SEO plugin v27.4 - https:\/\/yoast.com\/product\/yoast-seo-wordpress\/ -->\n<title>Av\u00eds legal i pol\u00edtica de privacitat i protecci\u00f3 de dades - Col-legi de Mediadors d&#039;Assegurances de Barcelona<\/title>\n<meta name=\"robots\" content=\"index, follow, max-snippet:-1, max-image-preview:large, max-video-preview:-1\" \/>\n<link rel=\"canonical\" href=\"https:\/\/www.elcol-legi.org\/w\/avis-legal\/\" \/>\n<meta property=\"og:locale\" content=\"ca_ES\" \/>\n<meta property=\"og:type\" content=\"article\" \/>\n<meta property=\"og:title\" content=\"Av\u00eds legal i pol\u00edtica de privacitat i protecci\u00f3 de dades - Col-legi de Mediadors d&#039;Assegurances de Barcelona\" \/>\n<meta property=\"og:description\" content=\"[vc_row][vc_column][vc_column_text]INTRODUCCI\u00d3 Aquest document descriu la Pol\u00edtica de privacitat que regula el tractament de les dades de car\u00e0cter personal que els Usuaris d\u2019Internet faciliten en el lloc web\u00a0http:\/\/www.elcol-legi.org, (des d\u2019ara \u201cel Web\u201d). El titular del Web \u00e9s el Col\u00b7legi de Mediadors d\u2019Assegurances de Barcelona, amb domicili a Passeig de Sant Joan, 33, 08010, Barcelona, Espanya, amb\" \/>\n<meta property=\"og:url\" content=\"https:\/\/www.elcol-legi.org\/w\/avis-legal\/\" \/>\n<meta property=\"og:site_name\" content=\"Col-legi de Mediadors d&#039;Assegurances de Barcelona\" \/>\n<meta property=\"article:modified_time\" content=\"2022-04-12T15:07:47+00:00\" \/>\n<meta name=\"twitter:card\" content=\"summary_large_image\" \/>\n<meta name=\"twitter:label1\" content=\"Temps estimat de lectura\" \/>\n\t<meta name=\"twitter:data1\" content=\"11 minuts\" \/>\n<script type=\"application\/ld+json\" class=\"yoast-schema-graph\">{\"@context\":\"https:\\\/\\\/schema.org\",\"@graph\":[{\"@type\":\"WebPage\",\"@id\":\"https:\\\/\\\/www.elcol-legi.org\\\/w\\\/avis-legal\\\/\",\"url\":\"https:\\\/\\\/www.elcol-legi.org\\\/w\\\/avis-legal\\\/\",\"name\":\"Av\u00eds legal i pol\u00edtica de privacitat i protecci\u00f3 de dades - Col-legi de Mediadors d&#039;Assegurances de Barcelona\",\"isPartOf\":{\"@id\":\"https:\\\/\\\/www.elcol-legi.org\\\/w\\\/#website\"},\"datePublished\":\"2021-12-22T08:37:49+00:00\",\"dateModified\":\"2022-04-12T15:07:47+00:00\",\"breadcrumb\":{\"@id\":\"https:\\\/\\\/www.elcol-legi.org\\\/w\\\/avis-legal\\\/#breadcrumb\"},\"inLanguage\":\"ca\",\"potentialAction\":[{\"@type\":\"ReadAction\",\"target\":[\"https:\\\/\\\/www.elcol-legi.org\\\/w\\\/avis-legal\\\/\"]}]},{\"@type\":\"BreadcrumbList\",\"@id\":\"https:\\\/\\\/www.elcol-legi.org\\\/w\\\/avis-legal\\\/#breadcrumb\",\"itemListElement\":[{\"@type\":\"ListItem\",\"position\":1,\"name\":\"Inici\",\"item\":\"https:\\\/\\\/www.elcol-legi.org\\\/w\\\/\"},{\"@type\":\"ListItem\",\"position\":2,\"name\":\"Av\u00eds legal i pol\u00edtica de privacitat i protecci\u00f3 de dades\"}]},{\"@type\":\"WebSite\",\"@id\":\"https:\\\/\\\/www.elcol-legi.org\\\/w\\\/#website\",\"url\":\"https:\\\/\\\/www.elcol-legi.org\\\/w\\\/\",\"name\":\"Col-legi de Mediadors d&#039;Assegurances de Barcelona\",\"description\":\"Support al mediador d&#039;assegurances\",\"potentialAction\":[{\"@type\":\"SearchAction\",\"target\":{\"@type\":\"EntryPoint\",\"urlTemplate\":\"https:\\\/\\\/www.elcol-legi.org\\\/w\\\/?s={search_term_string}\"},\"query-input\":{\"@type\":\"PropertyValueSpecification\",\"valueRequired\":true,\"valueName\":\"search_term_string\"}}],\"inLanguage\":\"ca\"}]}<\/script>\n<!-- \/ Yoast SEO plugin. -->","yoast_head_json":{"title":"Av\u00eds legal i pol\u00edtica de privacitat i protecci\u00f3 de dades - Col-legi de Mediadors d&#039;Assegurances de Barcelona","robots":{"index":"index","follow":"follow","max-snippet":"max-snippet:-1","max-image-preview":"max-image-preview:large","max-video-preview":"max-video-preview:-1"},"canonical":"https:\/\/www.elcol-legi.org\/w\/avis-legal\/","og_locale":"ca_ES","og_type":"article","og_title":"Av\u00eds legal i pol\u00edtica de privacitat i protecci\u00f3 de dades - Col-legi de Mediadors d&#039;Assegurances de Barcelona","og_description":"[vc_row][vc_column][vc_column_text]INTRODUCCI\u00d3 Aquest document descriu la Pol\u00edtica de privacitat que regula el tractament de les dades de car\u00e0cter personal que els Usuaris d\u2019Internet faciliten en el lloc web\u00a0http:\/\/www.elcol-legi.org, (des d\u2019ara \u201cel Web\u201d). El titular del Web \u00e9s el Col\u00b7legi de Mediadors d\u2019Assegurances de Barcelona, amb domicili a Passeig de Sant Joan, 33, 08010, Barcelona, Espanya, amb","og_url":"https:\/\/www.elcol-legi.org\/w\/avis-legal\/","og_site_name":"Col-legi de Mediadors d&#039;Assegurances de Barcelona","article_modified_time":"2022-04-12T15:07:47+00:00","twitter_card":"summary_large_image","twitter_misc":{"Temps estimat de lectura":"11 minuts"},"schema":{"@context":"https:\/\/schema.org","@graph":[{"@type":"WebPage","@id":"https:\/\/www.elcol-legi.org\/w\/avis-legal\/","url":"https:\/\/www.elcol-legi.org\/w\/avis-legal\/","name":"Av\u00eds legal i pol\u00edtica de privacitat i protecci\u00f3 de dades - Col-legi de Mediadors d&#039;Assegurances de Barcelona","isPartOf":{"@id":"https:\/\/www.elcol-legi.org\/w\/#website"},"datePublished":"2021-12-22T08:37:49+00:00","dateModified":"2022-04-12T15:07:47+00:00","breadcrumb":{"@id":"https:\/\/www.elcol-legi.org\/w\/avis-legal\/#breadcrumb"},"inLanguage":"ca","potentialAction":[{"@type":"ReadAction","target":["https:\/\/www.elcol-legi.org\/w\/avis-legal\/"]}]},{"@type":"BreadcrumbList","@id":"https:\/\/www.elcol-legi.org\/w\/avis-legal\/#breadcrumb","itemListElement":[{"@type":"ListItem","position":1,"name":"Inici","item":"https:\/\/www.elcol-legi.org\/w\/"},{"@type":"ListItem","position":2,"name":"Av\u00eds legal i pol\u00edtica de privacitat i protecci\u00f3 de dades"}]},{"@type":"WebSite","@id":"https:\/\/www.elcol-legi.org\/w\/#website","url":"https:\/\/www.elcol-legi.org\/w\/","name":"Col-legi de Mediadors d&#039;Assegurances de Barcelona","description":"Support al mediador d&#039;assegurances","potentialAction":[{"@type":"SearchAction","target":{"@type":"EntryPoint","urlTemplate":"https:\/\/www.elcol-legi.org\/w\/?s={search_term_string}"},"query-input":{"@type":"PropertyValueSpecification","valueRequired":true,"valueName":"search_term_string"}}],"inLanguage":"ca"}]}},"_links":{"self":[{"href":"https:\/\/www.elcol-legi.org\/w\/wp-json\/wp\/v2\/pages\/7072","targetHints":{"allow":["GET"]}}],"collection":[{"href":"https:\/\/www.elcol-legi.org\/w\/wp-json\/wp\/v2\/pages"}],"about":[{"href":"https:\/\/www.elcol-legi.org\/w\/wp-json\/wp\/v2\/types\/page"}],"author":[{"embeddable":true,"href":"https:\/\/www.elcol-legi.org\/w\/wp-json\/wp\/v2\/users\/4"}],"replies":[{"embeddable":true,"href":"https:\/\/www.elcol-legi.org\/w\/wp-json\/wp\/v2\/comments?post=7072"}],"version-history":[{"count":6,"href":"https:\/\/www.elcol-legi.org\/w\/wp-json\/wp\/v2\/pages\/7072\/revisions"}],"predecessor-version":[{"id":7342,"href":"https:\/\/www.elcol-legi.org\/w\/wp-json\/wp\/v2\/pages\/7072\/revisions\/7342"}],"wp:attachment":[{"href":"https:\/\/www.elcol-legi.org\/w\/wp-json\/wp\/v2\/media?parent=7072"}],"curies":[{"name":"wp","href":"https:\/\/api.w.org\/{rel}","templated":true}]}}